{"id":9,"date":"2019-06-29T04:06:18","date_gmt":"2019-06-29T04:06:18","guid":{"rendered":"http:\/\/d.commonsupport.com\/caregiver\/?page_id=9"},"modified":"2024-04-05T06:38:58","modified_gmt":"2024-04-05T06:38:58","slug":"personal-care","status":"publish","type":"page","link":"https:\/\/residenciaulldecona.cat\/index.php\/personal-care\/","title":{"rendered":"Centre de dia"},"content":{"rendered":"<p><section class=\"kc-elm kc-css-194871 kc_row\"><div class=\"kc-row-container  kc-container\"><div class=\"kc-wrap-columns\"><div class=\"kc-elm kc-css-607679 kc_col-sm-12 kc_column kc_col-sm-12\"><div class=\"kc-col-container\"><section class=\" quality-section\">\r\n\t\t<div class=\"auto-container\">\r\n\t\t\t<div class=\"inner-container\">\r\n\t\t\t\t\r\n\t\t\t\t<div class=\"row clearfix\">\r\n\t\t\t\t\t\r\n\t\t\t\t\t<!-- Title Column -->\r\n\t\t\t\t\t<div class=\"title-column col-lg-5 col-md-12 col-sm-12\">\r\n\t\t\t\t\t\t<div class=\"inner-column\">\r\n\t\t\t\t\t\t\t<!-- Sec Title Two -->\r\n\t\t\t\t\t\t\t<div class=\"sec-title-two style-two\">\r\n\t\t\t\t\t\t\t\t<h2>Centre de dia<\/h2>\r\n\t\t\t\t\t\t\t\t<div class=\"text\">Atenem durant les diferents etapes de la vellesa, enfocats tant en la persona gran com en la seva fam\u00edlia. Treballem per aconseguir un envelliment actiu.<\/div>\r\n\t\t\t\t\t\t\t<\/div>\r\n\t\t\t\t\t\t<\/div>\r\n\t\t\t\t\t<\/div>\r\n\t\t\t\t\t\r\n\t\t\t\t\t<!-- Images Column -->\r\n\t\t\t\t\t<div class=\"images-column col-lg-7 col-md-12 col-sm-12\">\r\n\t\t\t\t\t\t<div class=\"inner-column\">\r\n\t\t\t\t\t\t\t<div class=\"row clearfix\">\r\n\t\t\t\t\t\t\t\t\r\n\t\t\t\t\t\t\t\t<div class=\"column col-lg-6 col-md-6 col-sm-12\">\r\n\t\t\t\t\t\t\t\t\t<div class=\"image\">\r\n\t\t\t\t\t\t\t\t\t\t<img decoding=\"async\" src=\"https:\/\/residenciaulldecona.cat\/wp-content\/uploads\/2024\/04\/IMG_8958-300x200.jpg\" alt=\"Image\" \/>\r\n\t\t\t\t\t\t\t\t\t<\/div>\r\n\t\t\t\t\t\t\t\t<\/div>\r\n\t\t\t\t\t\t\t\t<div class=\"column col-lg-6 col-md-6 col-sm-12\">\r\n\t\t\t\t\t\t\t\t\t<div class=\"image\">\r\n\t\t\t\t\t\t\t\t\t\t<img decoding=\"async\" src=\"https:\/\/residenciaulldecona.cat\/wp-content\/uploads\/2024\/04\/IMG_8545-300x200.jpg\" alt=\"Image\" \/>\r\n\t\t\t\t\t\t\t\t\t<\/div>\r\n\t\t\t\t\t\t\t\t<\/div>\r\n\t\t\t\t\t\t\t\t\r\n\t\t\t\t\t\t\t<\/div>\r\n\t\t\t\t\t\t<\/div>\r\n\t\t\t\t\t<\/div>\r\n\t\t\t\t\t\r\n\t\t\t\t<\/div>\r\n\t\t\t\t\r\n\t\t\t<\/div>\r\n\t\t<\/div>\r\n\t<\/section><div class=\"kc-elm kc-css-645449 kc_text_block\"><\/p>\n<h1>Requisits<\/h1>\n<\/p>\n<p>\n<\/div><div class=\"kc-elm kc-css-702431 kc_text_block\"><\/p>\n<p>Si ets major de 65 anys i tens grau 1, grau 2, grau 3 de depend\u00e8ncia&#8230;Compleixes els requisits! Truca&#039;ns per parlar en la treballadora social.<\/p>\n<p>\n<\/div><div class=\"kc-elm kc-css-843242\" style=\"height: 20px; clear: both; width:100%;\"><\/div><\/div><\/div><\/div><\/div><\/section><section class=\"kc-elm kc-css-321146 kc_row\"><div class=\"kc-row-container  kc-container\"><div class=\"kc-wrap-columns\"><div class=\"kc-elm kc-css-106361 kc_col-sm-12 kc_column kc_col-sm-12\"><div class=\"kc-col-container\"><div class=\"kc-elm kc-css-755940 kc_text_block\"><\/p>\n<h1>Serveis<\/h1>\n<p>\n<\/div><div class=\"kc-elm kc-css-645025 kc_text_block\"><\/p>\n<p>&#8211;\u00a0 Serveis d&#039;\u00e0pats: esmorzar, dinar i berenar.<\/p>\n<p>&#8211; Assist\u00e8ncia: higi\u00e8nes di\u00e0ries, medicaci\u00f3 i servei de dutxa.<\/p>\n<p>&#8211; Activitats: jocs de taula, tallers, ball, etc.<\/p>\n<p>&#8211; Fisioter\u00e0pia: passejos, massatges, etc.<\/p>\n<p>&#8211; Altres serveis: perruqueria, podologia, etc.<\/p>\n<p>\n<\/div><div class=\"kc-elm kc-css-625361\" style=\"height: 61px; clear: both; width:100%;\"><\/div><div class=\"kc-elm kc-css-10954 kc_text_block\"><\/p>\n<h1 style=\"text-align: center;\">Paquets Centre de Dia<\/h1>\n<p>\n<\/div><div class=\"kc-elm kc-css-746311\" style=\"height: 42px; clear: both; width:100%;\"><\/div><\/div><\/div><\/div><\/div><\/section><section class=\"kc-elm kc-css-755383 kc_row\"><div class=\"kc-row-container  kc-container\"><div class=\"kc-wrap-columns\"><div class=\"kc-elm kc-css-179318 kc_col-sm-6 kc_column kc_col-sm-6\"><div class=\"kc-col-container\"><div class=\"kc-elm kc-css-464792 kc_text_block\"><\/p>\n<p style=\"text-align: center;\">\u00a0&#8211; 1h\/2h\/3h m\u00e9s de serveis\/\u00e0pats<\/p>\n<p style=\"text-align: center;\">&#8211; Ampliaci\u00f3 1 \u00e0pat al dia de dilluns a divendres<\/p>\n<p style=\"text-align: center;\">&#8211; Ampliaci\u00f3 1 \u00e0pat al dia de dilluns a diumenge<\/p>\n<p style=\"text-align: center;\">&#8211; \u00c0pat puntual<\/p>\n<p style=\"text-align: center;\">&#8211; Horaris ampliats<\/p>\n<p style=\"text-align: center;\">&#8211; Servei espor\u00e0dic cap de setmana 8h\/dia<\/p>\n<p style=\"text-align: center;\">\n<\/div><div class=\"kc-elm kc-css-266185\" style=\"height: 57px; clear: both; width:100%;\"><\/div><\/div><\/div><div class=\"kc-elm kc-css-855913 kc_col-sm-6 kc_column kc_col-sm-6\"><div class=\"kc-col-container\"><div class=\"kc-elm kc-css-783847 kc_text_block\"><\/p>\n<p style=\"text-align: center;\">&#8211; Tots els caps de setmana del mes<\/p>\n<p style=\"text-align: center;\">&#8211; Arribada fora d&#039;horari (retards puntuals)<\/p>\n<p style=\"text-align: center;\">&#8211; Arribada fora d&#039;horari regularment<\/p>\n<p style=\"text-align: center;\">&#8211; Dutxa espor\u00e0dica<\/p>\n<p style=\"text-align: center;\">&#8211; Dutxa EXTRA setmanal<\/p>\n<p style=\"text-align: center;\">&#8211; Centre de dia + transport<\/p>\n<p style=\"text-align: center;\">\n<\/div><div class=\"kc-elm kc-css-859651\" style=\"height: 57px; clear: both; width:100%;\"><\/div><\/div><\/div><\/div><\/div><\/section><section class=\"kc-elm kc-css-377884 kc_row\"><div class=\"kc-row-container  kc-container\"><div class=\"kc-wrap-columns\"><div class=\"kc-elm kc-css-931433 kc_col-sm-12 kc_column kc_col-sm-12\"><div class=\"kc-col-container\"><div class=\"kc-elm kc-css-149426 kc_text_block\"><\/p>\n<p>\n<\/div><\/div><\/div><\/div><\/div><\/section><\/p>\n","protected":false},"excerpt":{"rendered":"","protected":false},"author":1,"featured_media":0,"parent":0,"menu_order":0,"comment_status":"closed","ping_status":"closed","template":"tpl-king-composer.php","meta":{"footnotes":""},"class_list":["post-9","page","type-page","status-publish","hentry"],"_links":{"self":[{"href":"https:\/\/residenciaulldecona.cat\/index.php\/wp-json\/wp\/v2\/pages\/9","targetHints":{"allow":["GET"]}}],"collection":[{"href":"https:\/\/residenciaulldecona.cat\/index.php\/wp-json\/wp\/v2\/pages"}],"about":[{"href":"https:\/\/residenciaulldecona.cat\/index.php\/wp-json\/wp\/v2\/types\/page"}],"author":[{"embeddable":true,"href":"https:\/\/residenciaulldecona.cat\/index.php\/wp-json\/wp\/v2\/users\/1"}],"replies":[{"embeddable":true,"href":"https:\/\/residenciaulldecona.cat\/index.php\/wp-json\/wp\/v2\/comments?post=9"}],"version-history":[{"count":40,"href":"https:\/\/residenciaulldecona.cat\/index.php\/wp-json\/wp\/v2\/pages\/9\/revisions"}],"predecessor-version":[{"id":769,"href":"https:\/\/residenciaulldecona.cat\/index.php\/wp-json\/wp\/v2\/pages\/9\/revisions\/769"}],"wp:attachment":[{"href":"https:\/\/residenciaulldecona.cat\/index.php\/wp-json\/wp\/v2\/media?parent=9"}],"curies":[{"name":"wp","href":"https:\/\/api.w.org\/{rel}","templated":true}]}}